{"id":8034,"date":"2025-03-12T12:20:21","date_gmt":"2025-03-12T12:20:21","guid":{"rendered":"https:\/\/ibsal.es\/?post_type=tribe_events&#038;p=8034"},"modified":"2025-03-18T12:17:29","modified_gmt":"2025-03-18T12:17:29","slug":"salamanca-for-cajal-and-science","status":"publish","type":"tribe_events","link":"https:\/\/ibsal.es\/en\/evento\/salamanca-for-cajal-and-science\/","title":{"rendered":"Salamanca: For Cajal and Science"},"content":{"rendered":"<h2 style=\"text-align: center;\">PRELIMINARY PROGRAM 2025<\/h2>\n<p>&nbsp;<\/p>\n<h3 style=\"text-align: center;\">March 24, 2025<\/h3>\n<p style=\"text-align: center;\">Tomorrow<\/p>\n<p>&nbsp;<\/p>\n<p style=\"text-align: center;\"><strong>Reception Hall. Salamanca City Hall <\/strong><\/p>\n<p>&nbsp;<\/p>\n<p>11.30. Presentation of the Tribute. Appointment of Distinguished Guests.  <\/p>\n<p>&nbsp;<\/p>\n<p style=\"text-align: center;\">Afternoon<\/p>\n<p style=\"text-align: center;\"><strong>Sala de la Palabra. Liceo Theater of Salamanca<\/strong><\/p>\n<p>&nbsp;<\/p>\n<p>19:00 <a href=\"https:\/\/www.aytosalamanca.es\/w\/d.-luis-s%C3%A1nchez-ar%C3%A9valo\" target=\"_blank\" rel=\"noreferrer noopener\">Luis S\u00e1nchez Ar\u00e9valo<\/a>, Councillor for Education of the City Council of Salamanca, will present the event &#8220;<em><a href=\"https:\/\/santiagoramonycajal.org\/2025\/01\/21\/descubriendo-a-cajal\/\" target=\"_blank\" rel=\"noreferrer noopener\" data-type=\"post\" data-id=\"7295\">Discovering Cajal<\/a><\/em>&#8220;with the authors <a href=\"https:\/\/santiagoramonycajal.org\/tag\/belen-yuste\/\" data-type=\"post_tag\" data-id=\"769385939\">Bel\u00e9n Yuste<\/a> and <a href=\"https:\/\/santiagoramonycajal.org\/tag\/sonnia-l-rivas-caballero\/\" data-type=\"post_tag\" data-id=\"769386655\">Sonnia L. Rivas-Caballero<\/a>. They will be joined at the table by <a href=\"https:\/\/produccioncientifica.usal.es\/investigadores\/56260\/detalle\" target=\"_blank\" rel=\"noreferrer noopener\">Eduardo Weruaga Prieto<\/a>, Professor of Cell Biology at the University of Salamanca. <\/p>\n<p>&nbsp;<\/p>\n<h3 style=\"text-align: center;\">March 25, 2025<\/h3>\n<p>&nbsp;<\/p>\n<p style=\"text-align: center;\"><strong>Vargas-Z\u00fa\u00f1iga&#8221; Library. Pontifical University of Salamanca<\/strong><\/p>\n<p>&nbsp;<\/p>\n<p>11:30h &#8211; 12:30h Workshop\/ Storytelling &#8220;<strong>The human brain. Explained by Dr. Santiago Ram\u00f3n y Cajal <\/strong>&#8220;.<br \/>\nAimed at students of 2nd EPO (7 years old). Full capacity. <\/p>\n<p>&nbsp;<\/p>\n<p style=\"text-align: center;\"><strong>Liceo Theater of Salamanca<\/strong><\/p>\n<p>&nbsp;<\/p>\n<p>9:00 Opening of the Lyceum doors.<\/p>\n<p style=\"text-align: left;\">Host: <a href=\"https:\/\/elenamartinmo.com\/\" target=\"_blank\" rel=\"noreferrer noopener\">Elena Mart\u00edn Moroll\u00f3n<\/a><\/p>\n<p>9:15 Project  <a href=\"https:\/\/santiagoramonycajal.org\/2025\/01\/22\/proyecto-ave-fenix\/\" target=\"_blank\" rel=\"noreferrer noopener\" data-type=\"post\" data-id=\"7305\">Phoenix Bird<\/a>  of the Hospital Nacional de Parapl\u00e9jicos.<\/p>\n<p>9:30 Inauguration of the day by:<\/p>\n<ul>\n<li><strong>Cajal and the Institutions<\/strong>. Mayor of Salamanca. <\/li>\n<li><strong>Cajal and the University<\/strong>. Rector Magnificent of the University of Salamanca. <\/li>\n<li><strong>Cajal and the School of Salamanca<\/strong>. Rector Magnificent of the Pontifical University of Salamanca. <\/li>\n<li><strong>Cajal and the Ram\u00f3n Areces Foundation<\/strong>. Vice-president of the Scientific Council. Ram\u00f3n Areces Foundation.  <\/li>\n<li><strong>Cajal and Ethics<\/strong>. Sebasti\u00e3o Helvecio Ramos de Castro. Vice-President of the Instituto Rui Barbosa (IRB).  <\/li>\n<\/ul>\n<p>&nbsp;<\/p>\n<p style=\"text-align: center;\">Science and Society<\/p>\n<p>&nbsp;<\/p>\n<p>10:10 &#8211; 10:10 <strong>Science and Society<\/strong><br \/>\n<a href=\"https:\/\/cotec.es\/la-fundacion\/\" target=\"_blank\" rel=\"noreferrer noopener\">Cristina Garmendia Mendiz\u00e1bal<\/a>: President of the COTEC Foundation.<br \/>\n<a href=\"https:\/\/www.linkedin.com\/in\/teresa-celaya-garmendia-12374517b\/overlay\/about-this-profile\/\" target=\"_blank\" rel=\"noreferrer noopener\">Teresa Celaya Garmendia<\/a>: Basque NanoNeuro Network, Donostia International Physics Center (Donostia)\/ NeuroTechnology Center at Columbia University (New York).<\/p>\n<p>10:10 &#8211; 10:20 <strong>Cajal and Courage<\/strong><br \/>\n<a href=\"https:\/\/scholar.google.com\/citations?user=lAVuq2sAAAAJ&amp;hl=en\" target=\"_blank\" rel=\"noreferrer noopener\">Manuel J. Garc\u00eda<\/a>: Dr. Telecommunications Engineer at the Bank of Spain.<\/p>\n<p>10:20 &#8211; 10:40 <strong>Cajal and the search for cancer strategies<\/strong><br \/>\n<a href=\"https:\/\/www.cun.es\/nuestros-profesionales\/profesionales\/jesus-san-miguel-izquierdo\" target=\"_blank\" rel=\"noreferrer noopener\">Adolfo Garc\u00eda Sastre<\/a>: Professor and Director of the Institute for Global Health and Emerging Pathogens at Mount Sinai School of Medicine, New York.<\/p>\n<p>10:40 &#8211; 11:00 <strong>Cajal and motivation in professional work<\/strong><br \/>\n<a href=\"https:\/\/www.cun.es\/nuestros-profesionales\/profesionales\/jesus-san-miguel-izquierdo\" target=\"_blank\" rel=\"noreferrer noopener\">Jes\u00fas San Miguel Izquierdo<\/a>: Specialist in Hematology and Hemotherapy. University Clinic of Navarra. <\/p>\n<p>11:00 &#8211; 11:10 <strong>Cajal, Earth and Space<\/strong><br \/>\n<a href=\"https:\/\/igeo.ucm-csic.es\/investigador\/jesus-martinez-frias\/\" target=\"_blank\" rel=\"noreferrer noopener\">Jes\u00fas Mart\u00ednez Fr\u00edas<\/a>: Earth Dynamics and Earth Observation, Institute of Geosciences, IGEO (CSIC-UCM).<\/p>\n<p>11:10 &#8211; 11:20 <strong>Cajal and Spain Neurotech<\/strong><br \/>\n<a href=\"https:\/\/dialnet.unirioja.es\/servlet\/autor?codigo=153043\" target=\"_blank\" rel=\"noreferrer noopener\">Ana I. Caro Mu\u00f1oz<\/a>: Director of Project Coordination, Heritage and Occupational Health and Safety, Universidad Aut\u00f3noma de Madrid.<\/p>\n<p>11:20 &#8211; 11:30 <strong>Cajal and scientific psychology<\/strong><br \/>\n<a href=\"https:\/\/portalcientifico.upsa.es\/investigadores\/131880\/detalle\" target=\"_blank\" rel=\"noreferrer noopener\">Alfonso Jes\u00fas Salgado Ruiz<\/a>: Professor of Biological Psychology at the Pontifical University of Salamanca.<\/p>\n<p>11:30 &#8211; 11:40 <strong>Cajal in Stockholm<\/strong><br \/>\n<a href=\"https:\/\/www.comunidad.madrid\/hospital\/12octubre\/noticia\/area-cultura-ciencia-hospital-12-octubre-distinguida-premio-informacion-comunicacion-difusion-real\" target=\"_blank\" rel=\"noreferrer noopener\">Bel\u00e9n Yuste<\/a>: Head of the Culture and Science Area of the Hospital Universitario 12 de Octubre de Madrid.<br \/>\n<a href=\"https:\/\/www.linkedin.com\/in\/sonnia-rivas-caballero-mcurie-967b8b62\/?originalSubdomain=es\" target=\"_blank\" rel=\"noreferrer noopener\">Sonnia L. Rivas-Caballero<\/a>: Director of the cultural company Rocaviva Eventos.<\/p>\n<p>&nbsp;<\/p>\n<p style=\"text-align: center;\">School Awards<\/p>\n<p>&nbsp;<\/p>\n<p>11:30 &#8211; 11:50 <strong>Delivery of the <a href=\"https:\/\/santiagoramonycajal.org\/2024\/11\/27\/ii-premios-escolares-d-santiago-ramon-y-cajal\/\" target=\"_blank\" rel=\"noreferrer noopener\" data-type=\"post\" data-id=\"5579\">II School Awards D. Santiago Ram\u00f3n y Cajal<\/a> modalities:<\/strong><\/p>\n<ul>\n<li>II D. Santiago Ram\u00f3n y Cajal Special Education Prize awarded by D. Adolfo Garc\u00eda Sastre.<\/li>\n<li>II D. Santiago Ram\u00f3n y Cajal Primary Education Prize awarded by D. Javier Bravo Cordero.<\/li>\n<li>II D. Santiago Ram\u00f3n y Cajal Compulsory Secondary Education Award granted by the Universidad Pontificia de Salamanca.<\/li>\n<li>II Baccalaureate, Middle and Higher Vocational Training D. Santiago Ram\u00f3n y Cajal Award granted by the Universidad Pontificia de Salamanca.<\/li>\n<\/ul>\n<p>&nbsp;<\/p>\n<p><strong>REST<\/strong><\/p>\n<p>&nbsp;<\/p>\n<p style=\"text-align: center;\">Participatory and Interactive Activities<\/p>\n<p>&nbsp;<\/p>\n<p>12:15 &#8211; 12:30 <strong>Cajal and Perceptions<\/strong><br \/>\n<a href=\"https:\/\/www.udc.es\/es\/neurocom\/el_grupo\/equipo-2-00001\/javier_cudeiro\/\" target=\"_blank\" rel=\"noreferrer noopener\">Javier Cudeiro Mazaira<\/a>: Professor of Physiology at the University of A Coru\u00f1a and President of the Spanish Society of Neuroscience (SENC).<\/p>\n<p>12:30 &#8211; 12:45<strong> Cajal and Electrical Circuits<\/strong><br \/>\n<a href=\"https:\/\/hnparaplejicos.sanidad.castillalamancha.es\/es\/profesionales\/investigacion\/clinica\/Exploracion-funcional-y-neuromodulacion-del-sistema-nervioso\" target=\"_blank\" rel=\"noreferrer noopener\">Antonio Oliviero<\/a>: Head of the group of functional exploration and neuromodulation of the nervous system. Head of the Neurology Area of the Hospital Nacional de Parapl\u00e9jicos.<br \/>\n<a href=\"https:\/\/hnparaplejicos.sanidad.castillalamancha.es\/sites\/hnparaplejicos.sescam.castillalamancha.es\/files\/Biblioteca\/vanesa_soto_espanol.pdf\" target=\"_blank\" rel=\"noreferrer noopener\">Vanesa Soto Le\u00f3n<\/a>: Telecommunications engineer in the group of functional exploration and neuromodulation of the nervous system, Hospital Nacional de Parapl\u00e9jicos.<\/p>\n<p>12:45 &#8211; 13:00 <strong>Cajal and Sound<\/strong><br \/>\n<a href=\"https:\/\/produccioncientifica.usal.es\/investigadores\/56292\/detalle\" target=\"_blank\" rel=\"noreferrer noopener\">Enrique Salda\u00f1a<\/a>: Neurohistology. INCYL. Professor of Cell Biology, University of Salamanca.<br \/>\n<a href=\"https:\/\/produccioncientifica.usal.es\/investigadores\/57087\/detalle\" target=\"_blank\" rel=\"noreferrer noopener\" data-type=\"link\" data-id=\"https:\/\/produccioncientifica.usal.es\/investigadores\/57087\/detalle\">Enrique L\u00f3pez Poveda<\/a>: Computational Hearing and Psychoacoustics. INCYL. Professor of Otorhinolaryngology, University of Salamanca.  <\/p>\n<p>13:00 &#8211; 13:15 <strong>Cajal and Touch<\/strong><br \/>\n<a href=\"https:\/\/produccioncientifica.usal.es\/investigadores\/107723\/detalle\" target=\"_blank\" rel=\"noreferrer noopener\">Vanessa Gallardo Fern\u00e1ndez<\/a>. PhD in Art, production and research. PPL Fine Arts University of Salamanca.<br \/>\n<a href=\"https:\/\/santiagoramonycajal.org\/2024\/04\/11\/cajal-y-el-estudio-diu\/\" target=\"_blank\" rel=\"noreferrer noopener\">Antonio Diu Fonseca<\/a>: Designer and Creative.<\/p>\n<p>13:15 &#8211; 13:30 <strong>Cajal and the Sight<\/strong><br \/>\n<a href=\"https:\/\/institutoneurociencias.org\/grupos-investigacion\/lab-10-neurobiologia-comparada\/\" target=\"_blank\" rel=\"noreferrer noopener\">Almudena Velasco Arranz<\/a>: Comparative Neurobiology. INCYL. Professor of Cell Biology and Pathology, University of Salamanca.  <\/p>\n<p>13:30 &#8211; 13:45 <strong>Cajal and Smell<\/strong><br \/>\n<a href=\"https:\/\/produccioncientifica.usal.es\/investigadores\/56260\/detalle\" target=\"_blank\" rel=\"noreferrer noopener\">Eduardo Weruaga<\/a>: Neuronal Plasticity and Neurorepair. INCYL. Professor of Cell Biology, University of Salamanca.<br \/>\n<a href=\"https:\/\/cajal.csic.es\/laboratorios\/sistema-olfativo-y-desarrollo\/\" target=\"_blank\" rel=\"noreferrer noopener\">Laura L\u00f3pez-Mascaraque<\/a>: Principal investigator of the olfactory system and its development group at the Cajal Institute. CSIC, Madrid. <\/p>\n<p>13:45 &#8211; 14:00 <strong>Cajal and Equilibrium<\/strong><br \/>\n<a href=\"https:\/\/produccioncientifica.usal.es\/investigadores\/57532\/detalle\" target=\"_blank\" rel=\"noreferrer noopener\">\u00c1ngel Batuecas Caletrio<\/a>: Professor of Otorhinolaryngology. University of Salamanca. <\/p>\n<p>&nbsp;<\/p>\n<p style=\"text-align: center;\">Present and Future<\/p>\n<p>&nbsp;<\/p>\n<p>16:00 Opening of the doors of the Lyceum.<\/p>\n<p>16:30 &#8211; 16:40 <strong>Afternoon Presentation<\/strong><br \/>\n<a href=\"https:\/\/produccioncientifica.usal.es\/investigadores\/57039\/detalle\" target=\"_blank\" rel=\"noreferrer noopener\">Santiago Santa Cruz Ruiz<\/a>: President of the Official College of Physicians of Salamanca.<\/p>\n<p>16:40 &#8211; 16:50 <strong>Cajal and why am I a scientist?<\/strong><br \/>\n<a href=\"https:\/\/cryoem.berkeley.edu\/people\/eva-nogales\/\" target=\"_blank\" rel=\"noreferrer noopener\">Eva Nogales<\/a>: Professor of Biochemistry and Molecular Biology, Howard Hughes Medical Research Institute, University of Berkeley.<\/p>\n<p>16:50 &#8211; 17:00 <strong>Cajal and the Cajalian Psychology<\/strong><br \/>\n<a href=\"https:\/\/www.uam.es\/Psicologia\/CristinaNombela\/1446798931288.htm?language=es&amp;pid=1234889264255&amp;%20Cristina\" target=\"_blank\" rel=\"noreferrer noopener\">Cristina Nombela<\/a>: Tom\u00e1s y Valiente Researcher in the Dept. of Biological and Health Psychology (Universidad Aut\u00f3noma de Madrid).<\/p>\n<p>17:00 &#8211; 17:10 <strong>Cajal and the Cognitive reserve<\/strong><br \/>\n<a href=\"https:\/\/produccioncientifica.usal.es\/investigadores\/57319\/detalle\" target=\"_blank\" rel=\"noreferrer noopener\">Israel Contador Castillo<\/a>: Professor, Area of Psychobiology, University of Salamanca.<\/p>\n<p>17:10 &#8211; 17:20 <strong>Cajal and Medicine<\/strong><br \/>\n<a href=\"https:\/\/www.ranm.es\/academicos\/academicos-de-numero\/103-excmo-sr-d-antonio-campos-munoz.html\" target=\"_blank\" rel=\"noreferrer noopener\">Antonio Campos Mu\u00f1oz<\/a>: Full Member of the Royal National Academy of Medicine of Spain where he occupies the Histology chair once occupied by Don Santiago Ram\u00f3n y Cajal. Vice-president of the Institution. <\/p>\n<p>REST<\/p>\n<p>&nbsp;<\/p>\n<p style=\"text-align: center;\">Artificial Intelligence<\/p>\n<p>&nbsp;<\/p>\n<p>17:30 &#8211; 17:40 <strong>Cajal and Lorente de N\u00f3<\/strong><br \/>\n<a href=\"https:\/\/www.ugr.es\/personal\/juan-manuel-espinosa-sanchez\" target=\"_blank\" rel=\"noreferrer noopener\">Juan Manuel Espinosa-S\u00e1nchez<\/a>: Associate Professor. Department of Surgery and its Specialties, University of Granada. <\/p>\n<p>17:40 &#8211; 17:50 <strong>Cajal and the influence on Modern Intelligence<\/strong><br \/>\nManuel Mart\u00edn Merino Acera: Professor of Artificial Intelligence in the Faculty of Computer Science at UPSA.<\/p>\n<p>17:50 &#8211; 18:00 <strong>Cajal and Cybernetics Today<\/strong><br \/>\n<a href=\"https:\/\/cajal.csic.es\/laboratorios\/neurobiologia-del-desarrollo\/\" target=\"_blank\" rel=\"noreferrer noopener\">Fernando de Castro Soubriet<\/a>: Principal investigator of the developmental neurobiology group-GNDe of the Cajal Institute. CSIC, Madrid. <\/p>\n<p>18:00 &#8211; 18:10 <strong>Cajal and molecular neuroimaging<\/strong><br \/>\n<a href=\"https:\/\/www.ranm.es\/academicos\/academicos-de-numero\/91-excmo-sr-d-jose-luis-carreras-delgado.html\" target=\"_blank\" rel=\"noreferrer noopener\">Jos\u00e9 Luis Carreras Delgado<\/a>: Full Member of the Royal National Academy of Medina of Spain, occupying chair no. 44 of Physical Medicine. Professor of Radiology and Physical Medicine at the Complutense University and former Head of Nuclear Medicine Service at the Hospital Cl\u00ednico San Carlos in Madrid. <\/p>\n<p>18:10 &#8211; 18:15 <strong>Cajal and the Metaverse<\/strong><br \/>\n<a href=\"https:\/\/www.linkedin.com\/in\/peterimascono\/\" target=\"_blank\" rel=\"noreferrer noopener\">Pedro Lozano<\/a>: President of AJE Arag\u00f3n. Forbes Top100. <\/p>\n<p>18:15 &#8211; 18:25 <strong>Cajal and Strategy<\/strong><br \/>\n<a href=\"https:\/\/www.incibe.es\/eventos\/ponentes\/jesus-feliz-fernandez\" target=\"_blank\" rel=\"noreferrer noopener\" data-type=\"link\" data-id=\"https:\/\/www.incibe.es\/eventos\/ponentes\/jesus-feliz-fernandez\">Jes\u00fas Feliz Fern\u00e1ndez<\/a>: Strategic Sectors Manager of INCIBE.<\/p>\n<p>18:25 &#8211; 18:35 <strong>Cajal and the future: &#8220;Life in the year 6,000&#8221;.<\/strong><br \/>\n<a href=\"https:\/\/www.linkedin.com\/in\/david-ezpeleta-14640a42\/\" target=\"_blank\" rel=\"noreferrer noopener\" data-type=\"link\" data-id=\"https:\/\/www.linkedin.com\/in\/david-ezpeleta-14640a42\/\">David Ezpeleta<\/a>: Vice-president of the Spanish Society of Neurology.<\/p>\n<p>&nbsp;<\/p>\n<p>REST<\/p>\n<p>&nbsp;<\/p>\n<p>18:40 &#8211; 19:00 <strong>NeuroDance<\/strong><br \/>\n<a href=\"https:\/\/es.wikipedia.org\/wiki\/Vicky_G%C3%B3mez\" target=\"_blank\" rel=\"noreferrer noopener\">Vicky G\u00f3mez<\/a>: Dancer and choreographer.<br \/>\n<a href=\"https:\/\/alejandraburgos.com\/\" target=\"_blank\" rel=\"noreferrer noopener\">Alejandra Burgos<\/a>: Composer and singer.<\/p>\n<p>19:00 &#8211; 19:25 <strong>Awards Ceremony<\/strong>:<\/p>\n<ul>\n<li><strong><a href=\"https:\/\/santiagoramonycajal.org\/i-premio-d-santiago-ramon-y-cajal-catedratico-de-histologia\/\" target=\"_blank\" rel=\"noreferrer noopener\" data-type=\"page\" data-id=\"6640\">I D. Santiago Ram\u00f3n y Cajal, Professor of Histology Award<\/a><\/strong> awarded by the <strong><a href=\"https:\/\/www.sehit.es\/\" target=\"_blank\" rel=\"noreferrer noopener\">Spanish Society of Histology and Tissue Engineering (SEHIT).<\/a><\/strong>.<\/li>\n<li><strong><a href=\"https:\/\/santiagoramonycajal.org\/ii-premio-d-santiago-ramon-y-cajal-y-la-inteligencia-artificial\/\" target=\"_blank\" rel=\"noreferrer noopener\" data-type=\"page\" data-id=\"6643\">II D. Santiago Ram\u00f3n y Cajal and Artificial Intelligence Award<\/a><\/strong> awarded by <strong><a href=\"https:\/\/air-institute.com\/\" target=\"_blank\" rel=\"noreferrer noopener\">AIR Institute<\/a><\/strong>.<\/li>\n<li><strong><a href=\"https:\/\/santiagoramonycajal.org\/ii-premio-cajal-y-la-parasitologia\/\" target=\"_blank\" rel=\"noreferrer noopener\" data-type=\"page\" data-id=\"5560\">II D. Santiago Ram\u00f3n y Cajal and Parasitology Award<\/a><\/strong> awarded by the <strong><a href=\"https:\/\/socepa.org\/\" target=\"_blank\" rel=\"noreferrer noopener\">Spanish Society of Parasitology (SOCEPA).<\/a><\/strong>.<\/li>\n<li><a href=\"https:\/\/santiagoramonycajal.org\/ii-premio-d-santiago-ramon-y-cajal-proyeccion-y-trayectoria\/\" target=\"_blank\" rel=\"noreferrer noopener\" data-type=\"page\" data-id=\"8083\"><strong>II D. Santiago Ram\u00f3n y Cajal Award<\/strong><\/a> awarded by <strong><a href=\"https:\/\/www.zeiss.es\/corporate\/home.html\" target=\"_blank\" rel=\"noreferrer noopener\">ZEISS<\/a><\/strong>:<\/li>\n<\/ul>\n<ol>\n<li><strong>Projection<\/strong><\/li>\n<li><strong>Trajectory<\/strong><\/li>\n<\/ol>\n<p>&nbsp;<\/p>\n<p>19:25 &#8211; 19:35 <strong>Pedro Ram\u00f3n y Cajal<\/strong><br \/>\n<a href=\"https:\/\/www.ramonycajalabogados.com\/es\/profesional\/pedro-ramon-y-cajal\" target=\"_blank\" rel=\"noreferrer noopener\">Pedro Ram\u00f3n y Cajal<\/a>: President of Ram\u00f3n y Cajal Abogados.<\/p>\n<p>19:55 &#8211; 19:45 <strong>Cajal Year<\/strong><br \/>\nMinistry of Science, Innovation and Universities.<\/p>\n<p>19:45 &#8211; 19:55 <strong>Salamanca Declaration for Science.<\/strong><br \/>\n<a href=\"https:\/\/produccioncientifica.usal.es\/investigadores\/55921\/detalle\" target=\"_blank\" rel=\"noreferrer noopener\">Clara Isabel Colino Gandarillas<\/a>: Dean of the <a href=\"https:\/\/facultadfarmacia.usal.es\/\" target=\"_blank\" rel=\"noreferrer noopener\">Faculty of Pharmacy of the University of Salamanca<\/a>.<\/p>\n<p>19:55 <strong>Cajalian Revolution: Summary and closing of the day.<\/strong><br \/>\n<a href=\"https:\/\/jralonso.es\/\" target=\"_blank\" rel=\"noreferrer noopener\">Jos\u00e9 Ram\u00f3n Alonso<\/a>: Neuronal Plasticity and Neurorepair. INCYL. Professor of Cell Biology and Pathology, University of Salamanca.<br \/>\n<a href=\"https:\/\/es.wikipedia.org\/wiki\/Marquesado_de_Ram%C3%B3n_y_Cajal\" target=\"_blank\" rel=\"noreferrer noopener\">Marquisate of Ram\u00f3n y Cajal<\/a>: Representative of the Cajal Family.<\/p>\n<p>&nbsp;<\/p>\n<p style=\"text-align: center;\">LICEO: Exhibition space<\/p>\n<p><a href=\"https:\/\/www.zeiss.es\/corporate\/home.html\"><br \/>\n<\/a><a href=\"http:\/\/ibsal.es\"><img decoding=\"async\" class=\"aligncenter wp-image-7981\" src=\"https:\/\/ibsal.es\/wp-content\/uploads\/2025\/03\/Ibsal_RGB-300x124.png\" alt=\"\" width=\"189\" height=\"78\" srcset=\"https:\/\/ibsal.es\/wp-content\/uploads\/2025\/03\/Ibsal_RGB-300x124.png 300w, https:\/\/ibsal.es\/wp-content\/uploads\/2025\/03\/Ibsal_RGB.png 750w\" sizes=\"(max-width: 189px) 100vw, 189px\" \/><\/a><\/p>\n<p><a href=\"https:\/\/www.zeiss.es\/corporate\/home.html\"><img decoding=\"async\" class=\"aligncenter wp-image-8189\" src=\"https:\/\/ibsal.es\/wp-content\/uploads\/2025\/03\/zeiss.png\" alt=\"\" width=\"106\" height=\"107\" srcset=\"https:\/\/ibsal.es\/wp-content\/uploads\/2025\/03\/zeiss.png 224w, https:\/\/ibsal.es\/wp-content\/uploads\/2025\/03\/zeiss-150x150.png 150w\" sizes=\"(max-width: 106px) 100vw, 106px\" \/><\/a><\/p>\n<p>&nbsp;<\/p>\n<p style=\"text-align: center;\">Music Factory<\/p>\n<p>&nbsp;<\/p>\n<p>23:30 <strong>Concert<\/strong>: <a href=\"https:\/\/alejandraburgos.com\/\" target=\"_blank\" rel=\"noreferrer noopener\">Alejandra Burgos<\/a> composer and singer.<\/p>\n<p>&nbsp;<\/p>\n<p>&nbsp;<\/p>\n<h3 style=\"text-align: center;\">Wednesday, March 26, 2025<\/h3>\n<p style=\"text-align: center;\">Pontifical University of Salamanca<\/p>\n<p>&nbsp;<\/p>\n<p><strong>For speakers (prior registration)<\/strong><\/p>\n<p>11:15 &#8211; 12:15 &#8211; Visit to the historic building of <a href=\"https:\/\/www.upsa.es\/\" target=\"_blank\" rel=\"noreferrer noopener\">the Pontifical University of Salamanca<\/a>, including a climb to <a href=\"https:\/\/www.torresdelaclerecia.com\/\" target=\"_blank\" rel=\"noreferrer noopener\">Scala Coeli<\/a>.<\/p>\n<p>12:15 &#8211; 13:00 &#8211; Lecture: <em>Salamanca y Cajal School<\/em> presented by <a href=\"https:\/\/portalcientifico.upsa.es\/investigadores\/131911\/detalle\" target=\"_blank\" rel=\"noreferrer noopener\">Idoya Zorroza Lasarte<\/a>, reference researcher UPSA within the <a href=\"https:\/\/www.upsa.es\/facultades\/facultad-de-ciencias-humanas-y-sociales\" target=\"_blank\" rel=\"noreferrer noopener\">Faculty of Human and Social Sciences<\/a>.<\/p>\n<p>&nbsp;<\/p>\n<p>&nbsp;<\/p>\n<p>&nbsp;<\/p>\n<p style=\"text-align: center;\">AWARDS<\/p>\n<p>&nbsp;<\/p>\n<p><strong>To raise awareness and promote a culture of recognition of Santiago Ram\u00f3n y Cajal as an egregious figure and prez of Spain.<\/strong><\/p>\n<p>&nbsp;<\/p>\n<p>The winning entries will be screened at the Liceo de Salamanca and subsequently published on this website.<\/p>\n<p>&nbsp;<\/p>\n<p>The event will be available on the Internet and schools and institutes will be able to follow it live.<\/p>\n<p>&nbsp;<\/p>\n<p><strong>School Awards<\/strong><\/p>\n<ul>\n<li>II D. Santiago Ram\u00f3n y Cajal Special Education Prize awarded by D. Adolfo Garc\u00eda Sastre.<\/li>\n<li>II D. Santiago Ram\u00f3n y Cajal Primary Education Prize awarded by D. Javier Bravo Cordero.<\/li>\n<li>II D. Santiago Ram\u00f3n y Cajal Compulsory Secondary Education Award granted by the Universidad Pontificia de Salamanca.<\/li>\n<li>II Baccalaureate, Middle and Higher Vocational Training D. Santiago Ram\u00f3n y Cajal Award granted by the Universidad Pontificia de Salamanca.<\/li>\n<\/ul>\n<p>&nbsp;<\/p>\n<p><a class=\"wp-block-button__link has-contrast-color has-accent-4-background-color has-text-color has-background has-link-color wp-element-button\" href=\"https:\/\/santiagoramonycajal.org\/ii-premios-escolares-d-santiago-ramon-y-cajal\/\" target=\"_blank\" rel=\"noreferrer noopener\">Rules 4 II School Awards<\/a><\/p>\n<p>&nbsp;<\/p>\n<p><strong>Civil Society Awards<\/strong><\/p>\n<ul>\n<li>II D. Santiago Ram\u00f3n y Cajal Prize awarded by ZEISS\n<ul>\n<li>Projection<\/li>\n<li>Trajectory<\/li>\n<\/ul>\n<\/li>\n<\/ul>\n<p>&nbsp;<\/p>\n<p><a class=\"wp-block-button__link has-contrast-color has-accent-4-background-color has-text-color has-background has-link-color wp-element-button\" href=\"https:\/\/santiagoramonycajal.org\/ii-premio-d-santiago-ramon-y-cajal-proyeccion-y-trayectoria\/\">Bases II D. Santiago Ram\u00f3n y Cajal Award<\/a><\/p>\n<p>&nbsp;<\/p>\n<ul>\n<li>I Prize D. Santiago Ram\u00f3n y Cajal, Professor of Histology awarded by the Spanish Society of Histology and Tissue Engineering (SEHIT).<\/li>\n<\/ul>\n<p>&nbsp;<\/p>\n<p><a class=\"wp-block-button__link has-contrast-color has-accent-4-background-color has-text-color has-background has-link-color wp-element-button\" href=\"https:\/\/santiagoramonycajal.org\/i-premio-d-santiago-ramon-y-cajal-catedratico-de-histologia\/\" target=\"_blank\" rel=\"noreferrer noopener\">Rules of the 1st D. Santiago Ram\u00f3n y Cajal, Professor of Histology Prize<\/a><\/p>\n<p>&nbsp;<\/p>\n<ul>\n<li>II D. Santiago Ram\u00f3n y Cajal and Artificial Intelligence Prize awarded by AIR Institute<\/li>\n<\/ul>\n<p>&nbsp;<\/p>\n<p><a class=\"wp-block-button__link has-contrast-color has-accent-4-background-color has-text-color has-background has-link-color wp-element-button\" href=\"https:\/\/santiagoramonycajal.org\/ii-premio-d-santiago-ramon-y-cajal-y-la-inteligencia-artificial\/\" target=\"_blank\" rel=\"noreferrer noopener\">Bases II D. Santiago Ram\u00f3n y Cajal and Artificial Intelligence Prize<\/a><\/p>\n<p>&nbsp;<\/p>\n<ul>\n<li>II D. Santiago Ram\u00f3n y Cajal and Parasitology Award granted by the Spanish Society of Parasitology (SOCEPA).<\/li>\n<\/ul>\n<p>&nbsp;<\/p>\n<p><a class=\"wp-block-button__link has-contrast-color has-accent-4-background-color has-text-color has-background has-link-color wp-element-button\" href=\"https:\/\/santiagoramonycajal.org\/ii-premio-cajal-y-la-parasitologia\/\" target=\"_blank\" rel=\"noreferrer noopener\">Rules II D. Santiago Ram\u00f3n y Cajal and Parasitology Award<\/a><\/p>\n<p>&nbsp;<\/p>\n<ul>\n<li>VI Edition of the Golden Legal Blogs Awards granted by Globoversia<\/li>\n<\/ul>\n<p>&nbsp;<\/p>\n<p><a class=\"wp-block-button__link has-contrast-color has-accent-4-background-color has-text-color has-background has-link-color wp-element-button\" href=\"https:\/\/santiagoramonycajal.org\/2024\/12\/06\/convocatoria-v-edicion-premios-blogs-juridicos-de-oro-2024\/\" target=\"_blank\" rel=\"noreferrer noopener\">Rules I Special Award, colossal legal blog (polished gold)<\/a><\/p>\n","protected":false},"excerpt":{"rendered":"<p>PRELIMINARY PROGRAM 2025 &nbsp; March 24, 2025 Tomorrow &nbsp; Reception Hall. Salamanca City Hall &nbsp; 11.30. Presentation of the Tribute. Appointment of Distinguished Guests. &nbsp; Afternoon Sala de la Palabra. [&hellip;]<\/p>\n","protected":false},"author":3,"featured_media":7972,"template":"","meta":{"_acf_changed":false,"_price":"","_stock":"","_tribe_ticket_header":"","_tribe_default_ticket_provider":"TEC\\Tickets\\Commerce\\Module","_tribe_ticket_capacity":"0","_ticket_start_date":"","_ticket_end_date":"","_tribe_ticket_show_description":"","_tribe_ticket_show_not_going":false,"_tribe_ticket_use_global_stock":"","_tribe_ticket_global_stock_level":"","_global_stock_mode":"","_global_stock_cap":"","_tribe_rsvp_for_event":"","_tribe_ticket_going_count":"","_tribe_ticket_not_going_count":"","_tribe_tickets_list":"[]","_tribe_ticket_has_attendee_info_fields":false,"_tribe_events_status":"","_tribe_events_status_reason":"","_tribe_events_is_hybrid":"","_tribe_events_is_virtual":"","_tribe_events_virtual_video_source":"","_tribe_events_virtual_embed_video":"","_tribe_events_virtual_linked_button_text":"","_tribe_events_virtual_linked_button":"","_tribe_events_virtual_show_embed_at":"","_tribe_events_virtual_show_embed_to":[],"_tribe_events_virtual_show_on_event":"","_tribe_events_virtual_show_on_views":"","_tribe_events_virtual_url":"","footnotes":"","_tec_slr_enabled":"","_tec_slr_layout":""},"tags":[],"tribe_events_cat":[251],"class_list":["post-8034","tribe_events","type-tribe_events","status-publish","has-post-thumbnail","hentry","tribe_events_cat-event","cat_event"],"acf":[],"yoast_head":"<!-- This site is optimized with the Yoast SEO Premium plugin v20.12 (Yoast SEO v27.5) - https:\/\/yoast.com\/product\/yoast-seo-premium-wordpress\/ -->\n<title>Salamanca: For Cajal and Science | IBSAL<\/title>\n<meta name=\"robots\" content=\"index, follow, max-snippet:-1, max-image-preview:large, max-video-preview:-1\" \/>\n<link rel=\"canonical\" href=\"https:\/\/ibsal.es\/en\/evento\/salamanca-for-cajal-and-science\/\" \/>\n<meta property=\"og:locale\" content=\"en_US\" \/>\n<meta property=\"og:type\" content=\"article\" \/>\n<meta property=\"og:title\" content=\"Salamanca: For Cajal and Science\" \/>\n<meta property=\"og:description\" content=\"PRELIMINARY PROGRAM 2025 &nbsp; March 24, 2025 Tomorrow &nbsp; Reception Hall. Salamanca City Hall &nbsp; 11.30. Presentation of the Tribute. Appointment of Distinguished Guests. &nbsp; Afternoon Sala de la Palabra. [&hellip;]\" \/>\n<meta property=\"og:url\" content=\"https:\/\/ibsal.es\/en\/evento\/salamanca-for-cajal-and-science\/\" \/>\n<meta property=\"og:site_name\" content=\"IBSAL\" \/>\n<meta property=\"article:modified_time\" content=\"2025-03-18T12:17:29+00:00\" \/>\n<meta property=\"og:image\" content=\"https:\/\/ibsal.es\/wp-content\/uploads\/2025\/03\/cajalportada.png\" \/>\n\t<meta property=\"og:image:width\" content=\"1507\" \/>\n\t<meta property=\"og:image:height\" content=\"871\" \/>\n\t<meta property=\"og:image:type\" content=\"image\/png\" \/>\n<meta name=\"twitter:card\" content=\"summary_large_image\" \/>\n<meta name=\"twitter:label1\" content=\"Est. reading time\" \/>\n\t<meta name=\"twitter:data1\" content=\"8 minutes\" \/>\n<script type=\"application\/ld+json\" class=\"yoast-schema-graph\">{\"@context\":\"https:\\\/\\\/schema.org\",\"@graph\":[{\"@type\":\"WebPage\",\"@id\":\"https:\\\/\\\/ibsal.es\\\/en\\\/evento\\\/salamanca-for-cajal-and-science\\\/\",\"url\":\"https:\\\/\\\/ibsal.es\\\/en\\\/evento\\\/salamanca-for-cajal-and-science\\\/\",\"name\":\"Salamanca: For Cajal and Science | IBSAL\",\"isPartOf\":{\"@id\":\"https:\\\/\\\/ibsal.es\\\/en\\\/#website\"},\"primaryImageOfPage\":{\"@id\":\"https:\\\/\\\/ibsal.es\\\/en\\\/evento\\\/salamanca-for-cajal-and-science\\\/#primaryimage\"},\"image\":{\"@id\":\"https:\\\/\\\/ibsal.es\\\/en\\\/evento\\\/salamanca-for-cajal-and-science\\\/#primaryimage\"},\"thumbnailUrl\":\"https:\\\/\\\/ibsal.es\\\/wp-content\\\/uploads\\\/2025\\\/03\\\/cajalportada.png\",\"datePublished\":\"2025-03-12T12:20:21+00:00\",\"dateModified\":\"2025-03-18T12:17:29+00:00\",\"breadcrumb\":{\"@id\":\"https:\\\/\\\/ibsal.es\\\/en\\\/evento\\\/salamanca-for-cajal-and-science\\\/#breadcrumb\"},\"inLanguage\":\"en-US\",\"potentialAction\":[{\"@type\":\"ReadAction\",\"target\":[\"https:\\\/\\\/ibsal.es\\\/en\\\/evento\\\/salamanca-for-cajal-and-science\\\/\"]}]},{\"@type\":\"ImageObject\",\"inLanguage\":\"en-US\",\"@id\":\"https:\\\/\\\/ibsal.es\\\/en\\\/evento\\\/salamanca-for-cajal-and-science\\\/#primaryimage\",\"url\":\"https:\\\/\\\/ibsal.es\\\/wp-content\\\/uploads\\\/2025\\\/03\\\/cajalportada.png\",\"contentUrl\":\"https:\\\/\\\/ibsal.es\\\/wp-content\\\/uploads\\\/2025\\\/03\\\/cajalportada.png\",\"width\":1507,\"height\":871},{\"@type\":\"BreadcrumbList\",\"@id\":\"https:\\\/\\\/ibsal.es\\\/en\\\/evento\\\/salamanca-for-cajal-and-science\\\/#breadcrumb\",\"itemListElement\":[{\"@type\":\"ListItem\",\"position\":1,\"name\":\"Portada\",\"item\":\"https:\\\/\\\/ibsal.es\\\/en\\\/\"},{\"@type\":\"ListItem\",\"position\":2,\"name\":\"Events\",\"item\":\"https:\\\/\\\/ibsal.es\\\/en\\\/eventss\\\/\"},{\"@type\":\"ListItem\",\"position\":3,\"name\":\"Salamanca: For Cajal and Science\"}]},{\"@type\":\"WebSite\",\"@id\":\"https:\\\/\\\/ibsal.es\\\/en\\\/#website\",\"url\":\"https:\\\/\\\/ibsal.es\\\/en\\\/\",\"name\":\"IBSAL\",\"description\":\"Benchmarks in translational research in biomedicine in Castilla y Le\u00f3n\",\"alternateName\":\"Instituto de Investigaci\u00f3n Biom\u00e9dica de Salamanca\",\"potentialAction\":[{\"@type\":\"SearchAction\",\"target\":{\"@type\":\"EntryPoint\",\"urlTemplate\":\"https:\\\/\\\/ibsal.es\\\/en\\\/?s={search_term_string}\"},\"query-input\":{\"@type\":\"PropertyValueSpecification\",\"valueRequired\":true,\"valueName\":\"search_term_string\"}}],\"inLanguage\":\"en-US\"}]}<\/script>\n<!-- \/ Yoast SEO Premium plugin. -->","yoast_head_json":{"title":"Salamanca: For Cajal and Science | IBSAL","robots":{"index":"index","follow":"follow","max-snippet":"max-snippet:-1","max-image-preview":"max-image-preview:large","max-video-preview":"max-video-preview:-1"},"canonical":"https:\/\/ibsal.es\/en\/evento\/salamanca-for-cajal-and-science\/","og_locale":"en_US","og_type":"article","og_title":"Salamanca: For Cajal and Science","og_description":"PRELIMINARY PROGRAM 2025 &nbsp; March 24, 2025 Tomorrow &nbsp; Reception Hall. Salamanca City Hall &nbsp; 11.30. Presentation of the Tribute. Appointment of Distinguished Guests. &nbsp; Afternoon Sala de la Palabra. [&hellip;]","og_url":"https:\/\/ibsal.es\/en\/evento\/salamanca-for-cajal-and-science\/","og_site_name":"IBSAL","article_modified_time":"2025-03-18T12:17:29+00:00","og_image":[{"width":1507,"height":871,"url":"https:\/\/ibsal.es\/wp-content\/uploads\/2025\/03\/cajalportada.png","type":"image\/png"}],"twitter_card":"summary_large_image","twitter_misc":{"Est. reading time":"8 minutes"},"schema":{"@context":"https:\/\/schema.org","@graph":[{"@type":"WebPage","@id":"https:\/\/ibsal.es\/en\/evento\/salamanca-for-cajal-and-science\/","url":"https:\/\/ibsal.es\/en\/evento\/salamanca-for-cajal-and-science\/","name":"Salamanca: For Cajal and Science | IBSAL","isPartOf":{"@id":"https:\/\/ibsal.es\/en\/#website"},"primaryImageOfPage":{"@id":"https:\/\/ibsal.es\/en\/evento\/salamanca-for-cajal-and-science\/#primaryimage"},"image":{"@id":"https:\/\/ibsal.es\/en\/evento\/salamanca-for-cajal-and-science\/#primaryimage"},"thumbnailUrl":"https:\/\/ibsal.es\/wp-content\/uploads\/2025\/03\/cajalportada.png","datePublished":"2025-03-12T12:20:21+00:00","dateModified":"2025-03-18T12:17:29+00:00","breadcrumb":{"@id":"https:\/\/ibsal.es\/en\/evento\/salamanca-for-cajal-and-science\/#breadcrumb"},"inLanguage":"en-US","potentialAction":[{"@type":"ReadAction","target":["https:\/\/ibsal.es\/en\/evento\/salamanca-for-cajal-and-science\/"]}]},{"@type":"ImageObject","inLanguage":"en-US","@id":"https:\/\/ibsal.es\/en\/evento\/salamanca-for-cajal-and-science\/#primaryimage","url":"https:\/\/ibsal.es\/wp-content\/uploads\/2025\/03\/cajalportada.png","contentUrl":"https:\/\/ibsal.es\/wp-content\/uploads\/2025\/03\/cajalportada.png","width":1507,"height":871},{"@type":"BreadcrumbList","@id":"https:\/\/ibsal.es\/en\/evento\/salamanca-for-cajal-and-science\/#breadcrumb","itemListElement":[{"@type":"ListItem","position":1,"name":"Portada","item":"https:\/\/ibsal.es\/en\/"},{"@type":"ListItem","position":2,"name":"Events","item":"https:\/\/ibsal.es\/en\/eventss\/"},{"@type":"ListItem","position":3,"name":"Salamanca: For Cajal and Science"}]},{"@type":"WebSite","@id":"https:\/\/ibsal.es\/en\/#website","url":"https:\/\/ibsal.es\/en\/","name":"IBSAL","description":"Benchmarks in translational research in biomedicine in Castilla y Le\u00f3n","alternateName":"Instituto de Investigaci\u00f3n Biom\u00e9dica de Salamanca","potentialAction":[{"@type":"SearchAction","target":{"@type":"EntryPoint","urlTemplate":"https:\/\/ibsal.es\/en\/?s={search_term_string}"},"query-input":{"@type":"PropertyValueSpecification","valueRequired":true,"valueName":"search_term_string"}}],"inLanguage":"en-US"}]}},"ticketed":false,"_links":{"self":[{"href":"https:\/\/ibsal.es\/en\/wp-json\/wp\/v2\/tribe_events\/8034","targetHints":{"allow":["GET"]}}],"collection":[{"href":"https:\/\/ibsal.es\/en\/wp-json\/wp\/v2\/tribe_events"}],"about":[{"href":"https:\/\/ibsal.es\/en\/wp-json\/wp\/v2\/types\/tribe_events"}],"author":[{"embeddable":true,"href":"https:\/\/ibsal.es\/en\/wp-json\/wp\/v2\/users\/3"}],"version-history":[{"count":0,"href":"https:\/\/ibsal.es\/en\/wp-json\/wp\/v2\/tribe_events\/8034\/revisions"}],"wp:featuredmedia":[{"embeddable":true,"href":"https:\/\/ibsal.es\/en\/wp-json\/wp\/v2\/media\/7972"}],"wp:attachment":[{"href":"https:\/\/ibsal.es\/en\/wp-json\/wp\/v2\/media?parent=8034"}],"wp:term":[{"taxonomy":"post_tag","embeddable":true,"href":"https:\/\/ibsal.es\/en\/wp-json\/wp\/v2\/tags?post=8034"},{"taxonomy":"tribe_events_cat","embeddable":true,"href":"https:\/\/ibsal.es\/en\/wp-json\/wp\/v2\/tribe_events_cat?post=8034"}],"curies":[{"name":"wp","href":"https:\/\/api.w.org\/{rel}","templated":true}]}}