{"id":25603,"date":"2026-08-31T14:04:27","date_gmt":"2026-08-31T12:04:27","guid":{"rendered":"https:\/\/ibsal.es\/?post_type=tribe_events&#038;p=25603"},"modified":"2026-09-01T13:03:51","modified_gmt":"2026-09-01T11:03:51","slug":"2nd-edition-of-the-continuing-education-program-on-inflammatory-nasal-and-sinus-diseases_castile-and-leon","status":"publish","type":"tribe_events","link":"https:\/\/ibsal.es\/en\/evento\/2nd-edition-of-the-continuing-education-program-on-inflammatory-nasal-and-sinus-diseases_castile-and-leon\/","title":{"rendered":"2nd Edition of the Continuing Education Program on Inflammatory Nasal and Sinus Diseases in Castile and Le\u00f3n"},"content":{"rendered":"<p><strong>&#8220;Second Edition of the Continuing Education Program on Inflammatory Nasal and Sinus Diseases in Castile and Le\u00f3n&#8221;<\/strong><\/p>\n<p>&nbsp;<\/p>\n<p><strong>Objective<\/strong>:<\/p>\n<table style=\"height: 111px;\" width=\"1001\">\n<tbody>\n<tr>\n<td>To determine therapeutic management and experience in treating patients with severe chronic non-polypoid sinusitis (CNPS).<\/p>\n<p>To establish criteria for the indication and treatment of various nasosinusal conditions (epistaxis, septopyramidal deviation, eosinophilic otitis).<\/td>\n<\/tr>\n<\/tbody>\n<\/table>\n<p>&nbsp;<\/p>\n<p><strong>Specific objectives:<\/strong><\/p>\n<p>&nbsp;<\/p>\n<table>\n<tbody>\n<tr>\n<td>-Establish a treatment strategy, incorporating biologics into the current treatment algorithm.<\/p>\n<p>-Evaluation of real-world outcomes of treatment with biologic drugs.<\/p>\n<p>-Establish a standardized approach to the management of epistaxis in the emergency department.<\/p>\n<p>-Establish the criteria for surgical indication and the surgical techniques for patients with septopyramidal deviation.<\/td>\n<\/tr>\n<\/tbody>\n<\/table>\n<p>&nbsp;<\/p>\n<p><strong>Location<\/strong>:<\/p>\n<p>TEAMS link.<\/p>\n<p>&nbsp;<\/p>\n<p><strong>Program:<\/strong><\/p>\n<table>\n<tbody>\n<tr>\n<td width=\"85\"><strong>Course Date<\/strong><\/td>\n<td width=\"66\"><strong>Schedule<\/strong><\/td>\n<td width=\"217\"><strong>Content<\/strong><\/td>\n<td width=\"227\"><strong>SPEAKER <\/strong><\/td>\n<\/tr>\n<tr>\n<td width=\"85\">  Thursday, September 24, 2026<\/td>\n<td width=\"66\">8.15-9.45<\/td>\n<td width=\"217\">&nbsp;<\/p>\n<p>&#8216;s Septorhinoplasty Online<\/p>\n<p>&nbsp;<\/td>\n<td width=\"227\"><strong>Ms. Mar\u00eda Gil Melc\u00f3n<\/strong><\/p>\n<p>Head of the Otolaryngology Section. CAUSA <\/td>\n<\/tr>\n<tr>\n<td width=\"85\">  Thursday, November 5, 26<\/td>\n<td width=\"66\">8.15-9.45<\/td>\n<td width=\"217\">&nbsp;<\/p>\n<p>Eosinophilic Otitis: Diagnosis, Treatment, and Outcomes in CAUSA<\/p>\n<p>Online<\/p>\n<p>&nbsp;<\/td>\n<td width=\"227\"><strong>Ms. Susana Marcos Alonso  <\/strong><\/p>\n<p>L.E.A. Otolaryngology. CAUSE <\/td>\n<\/tr>\n<tr>\n<td width=\"85\">  Thursday, December 10, 2026<\/td>\n<td width=\"66\">8.15-9.45<\/td>\n<td width=\"217\">Dupilumab in Real-World Practice in CAUSA<\/p>\n<p>Online.<\/td>\n<td width=\"227\"><strong>Mr. Juan Carlos del Pozo de Dios  <\/strong><\/p>\n<p>L.E.A. Otolaryngology. CAUSE. <\/td>\n<\/tr>\n<\/tbody>\n<\/table>\n<p>&nbsp;<\/p>\n<p><strong>Enrollment:  <\/strong><\/p>\n<p>REGISTRATION:<\/p>\n<p>The registration deadline is Tuesday, September 22, 2026; you must register individually through our website.<\/p>\n<p>In order to successfully complete the course and receive the relevant certificate, it is necessary to complete 80% of the total program.<\/p>\n<p>&nbsp;<\/p>\n<p><strong>Method of selection:<\/strong><\/p>\n<p>Enrollment in the course will be carried out in strict order of enrollment (in courses with high demand, preference will be given to IBSAL personnel), according to the agreement of the IBSAL Training Commission.<\/p>\n<p>&nbsp;<\/p>\n","protected":false},"excerpt":{"rendered":"<p>&#8220;Second Edition of the Continuing Education Program on Inflammatory Nasal and Sinus Diseases in Castile and Le\u00f3n&#8221; &nbsp; Objective: To determine therapeutic management and experience in treating patients with severe [&hellip;]<\/p>\n","protected":false},"author":1734,"featured_media":25606,"template":"","meta":{"_acf_changed":false,"_price":"","_stock":"","_tribe_ticket_header":"","_tribe_default_ticket_provider":"TEC\\Tickets\\Commerce\\Module","_tribe_ticket_capacity":"0","_ticket_start_date":"","_ticket_end_date":"","_tribe_ticket_show_description":"","_tribe_ticket_show_not_going":false,"_tribe_ticket_use_global_stock":"","_tribe_ticket_global_stock_level":"","_global_stock_mode":"","_global_stock_cap":"","_tribe_rsvp_for_event":"","_tribe_ticket_going_count":"","_tribe_ticket_not_going_count":"","_tribe_tickets_list":"[]","_tribe_ticket_has_attendee_info_fields":false,"_tribe_events_status":"","_tribe_events_status_reason":"","_tribe_events_is_hybrid":"","_tribe_events_is_virtual":"","_tribe_events_virtual_video_source":"","_tribe_events_virtual_embed_video":"","_tribe_events_virtual_linked_button_text":"","_tribe_events_virtual_linked_button":"","_tribe_events_virtual_show_embed_at":"","_tribe_events_virtual_show_embed_to":[],"_tribe_events_virtual_show_on_event":"","_tribe_events_virtual_show_on_views":"","_tribe_events_virtual_url":"","footnotes":"","_members_access_role":[],"_members_access_error":"","_tec_slr_enabled":"","_tec_slr_layout":""},"tags":[],"tribe_events_cat":[253],"class_list":["post-25603","tribe_events","type-tribe_events","status-publish","has-post-thumbnail","hentry","tribe_events_cat-course","cat_course"],"acf":[],"yoast_head":"<!-- This site is optimized with the Yoast SEO Premium plugin v20.12 (Yoast SEO v28.4) - https:\/\/yoast.com\/product\/yoast-seo-premium-wordpress\/ -->\n<title>2nd Edition of the Continuing Education Program on Inflammatory Nasal and Sinus Diseases in Castile and Le\u00f3n | IBSAL<\/title>\n<meta name=\"robots\" content=\"index, follow, max-snippet:-1, max-image-preview:large, max-video-preview:-1\" \/>\n<link rel=\"canonical\" href=\"https:\/\/ibsal.es\/en\/evento\/2nd-edition-of-the-continuing-education-program-on-inflammatory-nasal-and-sinus-diseases_castile-and-leon\/\" \/>\n<meta property=\"og:locale\" content=\"en_US\" \/>\n<meta property=\"og:type\" content=\"article\" \/>\n<meta property=\"og:title\" content=\"2nd Edition of the Continuing Education Program on Inflammatory Nasal and Sinus Diseases in Castile and Le\u00f3n\" \/>\n<meta property=\"og:description\" content=\"&#8220;Second Edition of the Continuing Education Program on Inflammatory Nasal and Sinus Diseases in Castile and Le\u00f3n&#8221; &nbsp; Objective: To determine therapeutic management and experience in treating patients with severe [&hellip;]\" \/>\n<meta property=\"og:url\" content=\"https:\/\/ibsal.es\/en\/evento\/2nd-edition-of-the-continuing-education-program-on-inflammatory-nasal-and-sinus-diseases_castile-and-leon\/\" \/>\n<meta property=\"og:site_name\" content=\"IBSAL\" \/>\n<meta property=\"article:modified_time\" content=\"2026-09-01T11:03:51+00:00\" \/>\n<meta property=\"og:image\" content=\"https:\/\/ibsal.es\/wp-content\/uploads\/2026\/08\/Regeneron-logo--scaled.png\" \/>\n\t<meta property=\"og:image:width\" content=\"2560\" \/>\n\t<meta property=\"og:image:height\" content=\"468\" \/>\n\t<meta property=\"og:image:type\" content=\"image\/png\" \/>\n<meta name=\"twitter:card\" content=\"summary_large_image\" \/>\n<meta name=\"twitter:label1\" content=\"Est. reading time\" \/>\n\t<meta name=\"twitter:data1\" content=\"1 minute\" \/>\n<script type=\"application\/ld+json\" class=\"yoast-schema-graph\">{\"@context\":\"https:\\\/\\\/schema.org\",\"@graph\":[{\"@type\":\"WebPage\",\"@id\":\"https:\\\/\\\/ibsal.es\\\/en\\\/evento\\\/2nd-edition-of-the-continuing-education-program-on-inflammatory-nasal-and-sinus-diseases_castile-and-leon\\\/\",\"url\":\"https:\\\/\\\/ibsal.es\\\/en\\\/evento\\\/2nd-edition-of-the-continuing-education-program-on-inflammatory-nasal-and-sinus-diseases_castile-and-leon\\\/\",\"name\":\"2nd Edition of the Continuing Education Program on Inflammatory Nasal and Sinus Diseases in Castile and Le\u00f3n | IBSAL\",\"isPartOf\":{\"@id\":\"https:\\\/\\\/ibsal.es\\\/en\\\/#website\"},\"primaryImageOfPage\":{\"@id\":\"https:\\\/\\\/ibsal.es\\\/en\\\/evento\\\/2nd-edition-of-the-continuing-education-program-on-inflammatory-nasal-and-sinus-diseases_castile-and-leon\\\/#primaryimage\"},\"image\":{\"@id\":\"https:\\\/\\\/ibsal.es\\\/en\\\/evento\\\/2nd-edition-of-the-continuing-education-program-on-inflammatory-nasal-and-sinus-diseases_castile-and-leon\\\/#primaryimage\"},\"thumbnailUrl\":\"https:\\\/\\\/ibsal.es\\\/wp-content\\\/uploads\\\/2026\\\/08\\\/Regeneron-logo--scaled.png\",\"datePublished\":\"2026-08-31T12:04:27+00:00\",\"dateModified\":\"2026-09-01T11:03:51+00:00\",\"breadcrumb\":{\"@id\":\"https:\\\/\\\/ibsal.es\\\/en\\\/evento\\\/2nd-edition-of-the-continuing-education-program-on-inflammatory-nasal-and-sinus-diseases_castile-and-leon\\\/#breadcrumb\"},\"inLanguage\":\"en-US\",\"potentialAction\":[{\"@type\":\"ReadAction\",\"target\":[\"https:\\\/\\\/ibsal.es\\\/en\\\/evento\\\/2nd-edition-of-the-continuing-education-program-on-inflammatory-nasal-and-sinus-diseases_castile-and-leon\\\/\"]}]},{\"@type\":\"ImageObject\",\"inLanguage\":\"en-US\",\"@id\":\"https:\\\/\\\/ibsal.es\\\/en\\\/evento\\\/2nd-edition-of-the-continuing-education-program-on-inflammatory-nasal-and-sinus-diseases_castile-and-leon\\\/#primaryimage\",\"url\":\"https:\\\/\\\/ibsal.es\\\/wp-content\\\/uploads\\\/2026\\\/08\\\/Regeneron-logo--scaled.png\",\"contentUrl\":\"https:\\\/\\\/ibsal.es\\\/wp-content\\\/uploads\\\/2026\\\/08\\\/Regeneron-logo--scaled.png\",\"width\":2560,\"height\":468},{\"@type\":\"BreadcrumbList\",\"@id\":\"https:\\\/\\\/ibsal.es\\\/en\\\/evento\\\/2nd-edition-of-the-continuing-education-program-on-inflammatory-nasal-and-sinus-diseases_castile-and-leon\\\/#breadcrumb\",\"itemListElement\":[{\"@type\":\"ListItem\",\"position\":1,\"name\":\"Portada\",\"item\":\"https:\\\/\\\/ibsal.es\\\/en\\\/institute-of-biomedical-research-of-salamanca\\\/\"},{\"@type\":\"ListItem\",\"position\":2,\"name\":\"Events\",\"item\":\"https:\\\/\\\/ibsal.es\\\/en\\\/eventss\\\/\"},{\"@type\":\"ListItem\",\"position\":3,\"name\":\"2nd Edition of the Continuing Education Program on Inflammatory Nasal and Sinus Diseases in Castile and Le\u00f3n\"}]},{\"@type\":\"WebSite\",\"@id\":\"https:\\\/\\\/ibsal.es\\\/en\\\/#website\",\"url\":\"https:\\\/\\\/ibsal.es\\\/en\\\/\",\"name\":\"IBSAL\",\"description\":\"Benchmarks in translational research in biomedicine in Castilla y Le\u00f3n\",\"alternateName\":\"Instituto de Investigaci\u00f3n Biom\u00e9dica de Salamanca\",\"potentialAction\":[{\"@type\":\"SearchAction\",\"target\":{\"@type\":\"EntryPoint\",\"urlTemplate\":\"https:\\\/\\\/ibsal.es\\\/en\\\/?s={search_term_string}\"},\"query-input\":{\"@type\":\"PropertyValueSpecification\",\"valueRequired\":true,\"valueName\":\"search_term_string\"}}],\"inLanguage\":\"en-US\"}]}<\/script>\n<!-- \/ Yoast SEO Premium plugin. -->","yoast_head_json":{"title":"2nd Edition of the Continuing Education Program on Inflammatory Nasal and Sinus Diseases in Castile and Le\u00f3n | IBSAL","robots":{"index":"index","follow":"follow","max-snippet":"max-snippet:-1","max-image-preview":"max-image-preview:large","max-video-preview":"max-video-preview:-1"},"canonical":"https:\/\/ibsal.es\/en\/evento\/2nd-edition-of-the-continuing-education-program-on-inflammatory-nasal-and-sinus-diseases_castile-and-leon\/","og_locale":"en_US","og_type":"article","og_title":"2nd Edition of the Continuing Education Program on Inflammatory Nasal and Sinus Diseases in Castile and Le\u00f3n","og_description":"&#8220;Second Edition of the Continuing Education Program on Inflammatory Nasal and Sinus Diseases in Castile and Le\u00f3n&#8221; &nbsp; Objective: To determine therapeutic management and experience in treating patients with severe [&hellip;]","og_url":"https:\/\/ibsal.es\/en\/evento\/2nd-edition-of-the-continuing-education-program-on-inflammatory-nasal-and-sinus-diseases_castile-and-leon\/","og_site_name":"IBSAL","article_modified_time":"2026-09-01T11:03:51+00:00","og_image":[{"width":2560,"height":468,"url":"https:\/\/ibsal.es\/wp-content\/uploads\/2026\/08\/Regeneron-logo--scaled.png","type":"image\/png"}],"twitter_card":"summary_large_image","twitter_misc":{"Est. reading time":"1 minute"},"schema":{"@context":"https:\/\/schema.org","@graph":[{"@type":"WebPage","@id":"https:\/\/ibsal.es\/en\/evento\/2nd-edition-of-the-continuing-education-program-on-inflammatory-nasal-and-sinus-diseases_castile-and-leon\/","url":"https:\/\/ibsal.es\/en\/evento\/2nd-edition-of-the-continuing-education-program-on-inflammatory-nasal-and-sinus-diseases_castile-and-leon\/","name":"2nd Edition of the Continuing Education Program on Inflammatory Nasal and Sinus Diseases in Castile and Le\u00f3n | IBSAL","isPartOf":{"@id":"https:\/\/ibsal.es\/en\/#website"},"primaryImageOfPage":{"@id":"https:\/\/ibsal.es\/en\/evento\/2nd-edition-of-the-continuing-education-program-on-inflammatory-nasal-and-sinus-diseases_castile-and-leon\/#primaryimage"},"image":{"@id":"https:\/\/ibsal.es\/en\/evento\/2nd-edition-of-the-continuing-education-program-on-inflammatory-nasal-and-sinus-diseases_castile-and-leon\/#primaryimage"},"thumbnailUrl":"https:\/\/ibsal.es\/wp-content\/uploads\/2026\/08\/Regeneron-logo--scaled.png","datePublished":"2026-08-31T12:04:27+00:00","dateModified":"2026-09-01T11:03:51+00:00","breadcrumb":{"@id":"https:\/\/ibsal.es\/en\/evento\/2nd-edition-of-the-continuing-education-program-on-inflammatory-nasal-and-sinus-diseases_castile-and-leon\/#breadcrumb"},"inLanguage":"en-US","potentialAction":[{"@type":"ReadAction","target":["https:\/\/ibsal.es\/en\/evento\/2nd-edition-of-the-continuing-education-program-on-inflammatory-nasal-and-sinus-diseases_castile-and-leon\/"]}]},{"@type":"ImageObject","inLanguage":"en-US","@id":"https:\/\/ibsal.es\/en\/evento\/2nd-edition-of-the-continuing-education-program-on-inflammatory-nasal-and-sinus-diseases_castile-and-leon\/#primaryimage","url":"https:\/\/ibsal.es\/wp-content\/uploads\/2026\/08\/Regeneron-logo--scaled.png","contentUrl":"https:\/\/ibsal.es\/wp-content\/uploads\/2026\/08\/Regeneron-logo--scaled.png","width":2560,"height":468},{"@type":"BreadcrumbList","@id":"https:\/\/ibsal.es\/en\/evento\/2nd-edition-of-the-continuing-education-program-on-inflammatory-nasal-and-sinus-diseases_castile-and-leon\/#breadcrumb","itemListElement":[{"@type":"ListItem","position":1,"name":"Portada","item":"https:\/\/ibsal.es\/en\/institute-of-biomedical-research-of-salamanca\/"},{"@type":"ListItem","position":2,"name":"Events","item":"https:\/\/ibsal.es\/en\/eventss\/"},{"@type":"ListItem","position":3,"name":"2nd Edition of the Continuing Education Program on Inflammatory Nasal and Sinus Diseases in Castile and Le\u00f3n"}]},{"@type":"WebSite","@id":"https:\/\/ibsal.es\/en\/#website","url":"https:\/\/ibsal.es\/en\/","name":"IBSAL","description":"Benchmarks in translational research in biomedicine in Castilla y Le\u00f3n","alternateName":"Instituto de Investigaci\u00f3n Biom\u00e9dica de Salamanca","potentialAction":[{"@type":"SearchAction","target":{"@type":"EntryPoint","urlTemplate":"https:\/\/ibsal.es\/en\/?s={search_term_string}"},"query-input":{"@type":"PropertyValueSpecification","valueRequired":true,"valueName":"search_term_string"}}],"inLanguage":"en-US"}]}},"ticketed":false,"_links":{"self":[{"href":"https:\/\/ibsal.es\/en\/wp-json\/wp\/v2\/tribe_events\/25603","targetHints":{"allow":["GET"]}}],"collection":[{"href":"https:\/\/ibsal.es\/en\/wp-json\/wp\/v2\/tribe_events"}],"about":[{"href":"https:\/\/ibsal.es\/en\/wp-json\/wp\/v2\/types\/tribe_events"}],"author":[{"embeddable":true,"href":"https:\/\/ibsal.es\/en\/wp-json\/wp\/v2\/users\/1734"}],"version-history":[{"count":11,"href":"https:\/\/ibsal.es\/en\/wp-json\/wp\/v2\/tribe_events\/25603\/revisions"}],"predecessor-version":[{"id":25895,"href":"https:\/\/ibsal.es\/en\/wp-json\/wp\/v2\/tribe_events\/25603\/revisions\/25895"}],"wp:featuredmedia":[{"embeddable":true,"href":"https:\/\/ibsal.es\/en\/wp-json\/wp\/v2\/media\/25606"}],"wp:attachment":[{"href":"https:\/\/ibsal.es\/en\/wp-json\/wp\/v2\/media?parent=25603"}],"wp:term":[{"taxonomy":"post_tag","embeddable":true,"href":"https:\/\/ibsal.es\/en\/wp-json\/wp\/v2\/tags?post=25603"},{"taxonomy":"tribe_events_cat","embeddable":true,"href":"https:\/\/ibsal.es\/en\/wp-json\/wp\/v2\/tribe_events_cat?post=25603"}],"curies":[{"name":"wp","href":"https:\/\/api.w.org\/{rel}","templated":true}]}}